{"id":12457,"date":"2025-05-20T15:49:09","date_gmt":"2025-05-20T13:49:09","guid":{"rendered":"https:\/\/tcepalinges.ch\/wp2\/?post_type=tribe_events&#038;p=12457"},"modified":"2026-02-07T17:06:47","modified_gmt":"2026-02-07T16:06:47","slug":"commune-depalinges-les-perseides","status":"publish","type":"tribe_events","link":"https:\/\/tcepalinges.ch\/wp2\/event\/commune-depalinges-les-perseides\/","title":{"rendered":"Les Pers\u00e9ides &#8211; Commune d&rsquo;\u00c9palinges"},"content":{"rendered":"<div class=\"vc_custom_heading_wrap \">\n<div class=\"heading-text el-text\"><b><span lang=\"FR\" data-olk-copy-source=\"MessageBody\">Soir\u00e9e d\u2019observation avec la Soci\u00e9t\u00e9 vaudoise d\u2019astronomie<\/span><\/b><\/div>\n<\/div>\n<div class=\"uncode_text_column\">\n<p class=\"x_MsoNormal\"><span lang=\"FR\"><i>La Soci\u00e9t\u00e9 Vaudoise d\u2019Astronomie invite la population \u00e0 une soir\u00e9e d\u2019observation \u00e0 l\u2019\u0153il nu et au t\u00e9lescope. Une introduction sera effectu\u00e9e d\u00e8s 21h, puis l\u2019observation d\u00e9butera au coucher du soleil. Vous \u00eates invit\u00e9s \u00e0 apporter vos coussins, couvertures ou petite chaises longues afin de vous mettre \u00e0 l\u2019aise pour l\u2019observation.<\/i><\/span><\/p>\n<p class=\"x_MsoNormal\"><i><span lang=\"FR\">La buvette du Tennis Club sera ouverte jusqu\u2019\u00e0 21h avant que les lumi\u00e8res s\u2019\u00e9teignent pour admirer le ciel.<\/span><\/i><\/p>\n<p><em>Les informations seront confirm\u00e9es en juillet 2026. <\/em><\/p>\n<p>Il sera possible de d\u00e9guster sur r\u00e9servation une pizza au feux de bois entre 18h30 et 20h30 (Atttention derni\u00e8re commande a 20h00)<\/p>\n<p>Vous pouvez r\u00e9server sur notre site : <a href=\"https:\/\/tcepalinges.ch\/wp2\/animations\/soirees-pizza-au-tce\/\">Soir\u00e9es pizza et autres au TCE \u2013 Tennis club Epalinges<\/a> en choisissant le 12 aout dans le calendrier.<\/p>\n<p>&nbsp;<\/p>\n<p>Plus de d\u00e9tails a venir<\/p>\n<p>&nbsp;<\/p>\n<\/div>\n","protected":false},"excerpt":{"rendered":"<p>Soir\u00e9e d\u2019observation avec la Soci\u00e9t\u00e9 vaudoise d\u2019astronomie La Soci\u00e9t\u00e9 Vaudoise d\u2019Astronomie invite la population \u00e0 une soir\u00e9e d\u2019observation \u00e0 l\u2019\u0153il nu et au t\u00e9lescope. Une introduction sera effectu\u00e9e d\u00e8s 21h, [&hellip;]<\/p>\n","protected":false},"author":3,"featured_media":0,"template":"","meta":{"_tribe_events_status":"","_tribe_events_status_reason":"","footnotes":""},"tags":[],"tribe_events_cat":[38],"class_list":["post-12457","tribe_events","type-tribe_events","status-publish","hentry","tribe_events_cat-commune","cat_commune"],"publishpress_future_workflow_manual_trigger":{"enabledWorkflows":[]},"_links":{"self":[{"href":"https:\/\/tcepalinges.ch\/wp2\/wp-json\/wp\/v2\/tribe_events\/12457","targetHints":{"allow":["GET"]}}],"collection":[{"href":"https:\/\/tcepalinges.ch\/wp2\/wp-json\/wp\/v2\/tribe_events"}],"about":[{"href":"https:\/\/tcepalinges.ch\/wp2\/wp-json\/wp\/v2\/types\/tribe_events"}],"author":[{"embeddable":true,"href":"https:\/\/tcepalinges.ch\/wp2\/wp-json\/wp\/v2\/users\/3"}],"version-history":[{"count":8,"href":"https:\/\/tcepalinges.ch\/wp2\/wp-json\/wp\/v2\/tribe_events\/12457\/revisions"}],"predecessor-version":[{"id":15641,"href":"https:\/\/tcepalinges.ch\/wp2\/wp-json\/wp\/v2\/tribe_events\/12457\/revisions\/15641"}],"wp:attachment":[{"href":"https:\/\/tcepalinges.ch\/wp2\/wp-json\/wp\/v2\/media?parent=12457"}],"wp:term":[{"taxonomy":"post_tag","embeddable":true,"href":"https:\/\/tcepalinges.ch\/wp2\/wp-json\/wp\/v2\/tags?post=12457"},{"taxonomy":"tribe_events_cat","embeddable":true,"href":"https:\/\/tcepalinges.ch\/wp2\/wp-json\/wp\/v2\/tribe_events_cat?post=12457"}],"curies":[{"name":"wp","href":"https:\/\/api.w.org\/{rel}","templated":true}]}}